{"id":728,"date":"2015-05-29T22:11:57","date_gmt":"2015-05-29T20:11:57","guid":{"rendered":"http:\/\/expertise-rh.ch\/blog\/?page_id=728"},"modified":"2026-05-18T08:36:45","modified_gmt":"2026-05-18T06:36:45","slug":"parcours","status":"publish","type":"page","link":"https:\/\/expertise-rh.ch\/blog\/?page_id=728","title":{"rendered":"A propos"},"content":{"rendered":"<h4>Cathrine Mathey, directrice de l&rsquo;entreprise de conseil Expertise RH<\/h4>\n<p><a href=\"http:\/\/expertise-rh.ch\/blog\/wp-content\/uploads\/2026\/05\/linkedin.jpg\"><img loading=\"lazy\" decoding=\"async\" src=\"http:\/\/expertise-rh.ch\/blog\/wp-content\/uploads\/2026\/05\/linkedin-286x300.jpg\" alt=\"\" width=\"286\" height=\"300\" class=\"alignnone wp-image-1484 size-medium\" srcset=\"https:\/\/expertise-rh.ch\/blog\/wp-content\/uploads\/2026\/05\/linkedin-286x300.jpg 286w, https:\/\/expertise-rh.ch\/blog\/wp-content\/uploads\/2026\/05\/linkedin-768x806.jpg 768w, https:\/\/expertise-rh.ch\/blog\/wp-content\/uploads\/2026\/05\/linkedin.jpg 977w\" sizes=\"auto, (max-width: 286px) 100vw, 286px\" \/><\/a><\/p>\n<p>La place du travail dans la vie de chacun m&rsquo;a toujours \u00e9tonn\u00e9e : certains ne peuvent plus s&rsquo;en passer, d&rsquo;autres le voient comme un mal n\u00e9cessaire. A ce propos, le lundi matin, est-ce que vous vous souhaitez bon courage ou du plaisir au travail ? Une \u00e9mission d&rsquo;Arte que j&rsquo;affectionne nous \u00e9claire sur les fondements culturels de notre rapport au travail (<a href=\"https:\/\/www.youtube.com\/watch?v=ONbr4StHaFU\">https:\/\/www.arte.tv\/fr\/videos\/107945-000-A\/bon-courage\/<\/a>).<\/p>\n<p>De par ma formation en psychologie du travail et des organisations, et de mon exp\u00e9rience professionnelle d&rsquo;une vingtaine d&rsquo;ann\u00e9es, je me suis sp\u00e9cialis\u00e9e dans le domaine de la formation du personnel, du coaching individuel ou d&rsquo;\u00e9quipe et du d\u00e9veloppement organisationnel. De plus, j&rsquo;accompagne le d\u00e9veloppement de projets de pr\u00e9vention des risques psycho-sociaux, dont le stress, le mobbing et le <a href=\"https:\/\/www.egalite-vs.ch\/fr\/plateforme-cantonale-valaisanne-pour-l-egalite\/formations\/prevenir-le-harcelement-sexuel-au-travail-pour-rh-et-managers-8072\/\">harc\u00e8lement sexuel<\/a> en sont parfois les cons\u00e9quences n\u00e9gatives. J&rsquo;interviens \u00e9galement comme personne de confiance pour des administrations publiques et entreprises priv\u00e9es.<\/p>\n<p>J&rsquo;ai obtenu un certificat de coaching en PNL en 2008, le brevet f\u00e9d\u00e9ral de formatrice d&rsquo;adultes en 2011 et suis certifi\u00e9e pour l\u2019utilisation d\u2019une analyse de personnalit\u00e9 bas\u00e9e sur l\u2019enn\u00e9agramme,\u00a0 le \u00ab <a href=\"https:\/\/positives-ressources.ch\/profil-r\/\">Profil R<\/a>\u00bb. Je suis \u00e9galement accr\u00e9dit\u00e9e par Promotion Sant\u00e9 Suisse pour la passation de l&rsquo;outil sur la mesure du stress dans les entreprises, le <a href=\"https:\/\/www.fws-jobstressanalysis.ch\/\">Job-Stress-Analysis,<\/a> et du <a href=\"https:\/\/promotionsante.ch\/gestion-de-la-sante-en-entreprise\/instruments-et-services\/fws-check.html\">Friendly work Space check<\/a>. Je donne des formations sur la gestion du stress, la sant\u00e9 psychique des apprenti.e.s (<a href=\"https:\/\/fws-apprentice.ch\/fr\/\">Apprentice<\/a>), l&rsquo;\u00e9valuation du personnel et je construis r\u00e9guli\u00e8rement des formations sur mesure dans le domaine de la communication et du management.<\/p>\n<p>Je me forme continuellement et me fais superviser dans ma pratique.\u00a0<\/p>\n<p>Actuellement je suis une sp\u00e9cialisation en psychologie existentielle au CNAM de Paris, afin d&rsquo;approfondir les notions de sens au travail, sens de la vie. Dans le futur, j&rsquo;aimerais accompagner les transitions des organisations, des m\u00e9tiers et des personnes en int\u00e9grant encore plus la notion de sens.<\/p>\n<p>Je suis affili\u00e9e \u00e0 la F\u00e9d\u00e9ration Suisse des psychologues (<a href=\"https:\/\/www.psychologie.ch\/fr\">FSP<\/a>) et \u00e0 l&rsquo;association professionnelle des psychologues du travail (<a href=\"https:\/\/psy4work.ch\/\">Psy 4 Work<\/a>).<\/p>\n<p>Mon bureau est bas\u00e9 \u00e0 Sion en Valais d&rsquo;o\u00f9 je suis originaire. Je me d\u00e9place volontiers pour vous rencontrer.<\/p>\n\n\n<div class=\"wp-block-columns is-layout-flex wp-container-core-columns-is-layout-9d6595d7 wp-block-columns-is-layout-flex\">\n<div class=\"wp-block-column is-layout-flow wp-block-column-is-layout-flow\"><\/div>\n\n\n\n<div class=\"wp-block-column is-layout-flow wp-block-column-is-layout-flow\"><\/div>\n<\/div>\n\n\n\n<p><\/p>\n\n\n\n<p><\/p>\n\n\n\n<p><\/p>\n","protected":false},"excerpt":{"rendered":"<p>Cathrine Mathey, directrice de l&rsquo;entreprise de conseil Expertise RH La place du travail dans la vie de chacun m&rsquo;a toujours \u00e9tonn\u00e9e : certains ne peuvent plus s&rsquo;en passer, d&rsquo;autres le voient comme un mal n\u00e9cessaire. A ce propos, le lundi matin, est-ce que vous vous souhaitez bon courage ou du [&hellip;]<\/p>\n","protected":false},"author":2,"featured_media":0,"parent":0,"menu_order":0,"comment_status":"closed","ping_status":"open","template":"page-templates\/template-page-sidebar.php","meta":{"_mi_skip_tracking":false,"footnotes":""},"class_list":["post-728","page","type-page","status-publish","hentry"],"aioseo_notices":[],"_links":{"self":[{"href":"https:\/\/expertise-rh.ch\/blog\/index.php?rest_route=\/wp\/v2\/pages\/728","targetHints":{"allow":["GET"]}}],"collection":[{"href":"https:\/\/expertise-rh.ch\/blog\/index.php?rest_route=\/wp\/v2\/pages"}],"about":[{"href":"https:\/\/expertise-rh.ch\/blog\/index.php?rest_route=\/wp\/v2\/types\/page"}],"author":[{"embeddable":true,"href":"https:\/\/expertise-rh.ch\/blog\/index.php?rest_route=\/wp\/v2\/users\/2"}],"replies":[{"embeddable":true,"href":"https:\/\/expertise-rh.ch\/blog\/index.php?rest_route=%2Fwp%2Fv2%2Fcomments&post=728"}],"version-history":[{"count":32,"href":"https:\/\/expertise-rh.ch\/blog\/index.php?rest_route=\/wp\/v2\/pages\/728\/revisions"}],"predecessor-version":[{"id":1507,"href":"https:\/\/expertise-rh.ch\/blog\/index.php?rest_route=\/wp\/v2\/pages\/728\/revisions\/1507"}],"wp:attachment":[{"href":"https:\/\/expertise-rh.ch\/blog\/index.php?rest_route=%2Fwp%2Fv2%2Fmedia&parent=728"}],"curies":[{"name":"wp","href":"https:\/\/api.w.org\/{rel}","templated":true}]}}