{"id":787,"date":"2017-08-18T22:23:49","date_gmt":"2017-08-18T20:23:49","guid":{"rendered":"http:\/\/expertise-rh.ch\/blog\/?page_id=787"},"modified":"2023-01-11T22:33:47","modified_gmt":"2023-01-11T20:33:47","slug":"mon-blog","status":"publish","type":"page","link":"https:\/\/expertise-rh.ch\/blog\/?page_id=787","title":{"rendered":"Mon blog"},"content":{"rendered":"<p style=\"text-align: right;\">\n\t<div id=\"wpbaw-blog-1\" class=\"blogfree-plugin blog-clearfix \">\n\t\n\t\t\t\t<div id=\"post-1362\" class=\"blog type-blog blog-clearfix wpbaw-blog-class blog-col-0 has-date has-thumb\">\n\t\t\t<div class=\"blog-inner-wrap-view blog-clearfix\">\n\t\t\t\t\t\t\t\t\t<div class=\"blog-thumb\">\n\t\t\t\t\t\t<div class=\"grid-blog-thumb\">\n\t\t\t\t\t\t\t<a href=\"https:\/\/expertise-rh.ch\/blog\/?blog_post=1362\"><img decoding=\"async\" class=\"wpbaw-blog-img\" src=\"https:\/\/expertise-rh.ch\/blog\/wp-content\/uploads\/2023\/06\/HS-travail-1024x679.jpg\" alt=\"Pour une pr\u00e9vention efficace du harc\u00e8lement sexuel au travail\"\/><\/a>\n\t\t\t\t\t\t<\/div>\n\t\t\t\t\t<\/div>\n\t\t\t\t\n\t\t\t\t<div class=\"blog-content\">\n\t\t\t\t\t\t\t\t\t\t\t\t<div class=\"blog-author\">\n\t\t\t\t\t\t\t\t\t\t\t\t\t\t\t\t\t<span>\n\t\t\t\t\t\t\t\t\t\tPar <a href=\"https:\/\/expertise-rh.ch\/blog\/?author=2\" target=\"_self\">Cathrine Mathey<\/a>\n\t\t\t\t\t\t\t\t\t<\/span>\n\t\t\t\t\t\t\t\t \/ 1 juin 2023\t\t\t\t\t\t\t<\/div>\n\t\t\t\t\t\t\n\t\t\t\t\t<div class=\"post-content-text\">\n\t\t\t\t\t\t\t\t\t\t\t\t<h3 class=\"blog-title\"><a href=\"https:\/\/expertise-rh.ch\/blog\/?blog_post=1362\" rel=\"bookmark\">Pour une pr\u00e9vention efficace du harc\u00e8lement sexuel au travail<\/a><\/h3>\n\t\t\t\t\t\t\t\t\t\t\t\t<div class=\"blog-content-excerpt\">\n\t\t\t\t\t\t\t\t\t\t\t\t\t\t\t<p class=\"blog-short-content\">De bonnes relations au travail sont essentielles pour se sentir bien sur son lieu de travail et \u00e9galement pour atteindre...<\/p>\n\t\t\t\t\t\t\t\t<a href=\"https:\/\/expertise-rh.ch\/blog\/?blog_post=1362\" class=\"blog-more-link\"> En savoir plus<\/a>\n\t\t\t\t\t\t\t\t\t\t\t\t\t<\/div>\n\t\t\t\t\t\t\t\t\t\t\t<\/div>\n\t\t\t\t<\/div>\n\t\t\t<\/div>\n\t\t<\/div>\n\t\t\t\t<div id=\"post-1188\" class=\"blog type-blog blog-clearfix wpbaw-blog-class blog-col-0 has-date has-thumb\">\n\t\t\t<div class=\"blog-inner-wrap-view blog-clearfix\">\n\t\t\t\t\t\t\t\t\t<div class=\"blog-thumb\">\n\t\t\t\t\t\t<div class=\"grid-blog-thumb\">\n\t\t\t\t\t\t\t<a href=\"https:\/\/expertise-rh.ch\/blog\/?blog_post=faut-il-etre-heureux-au-travail-cette-annee\"><img decoding=\"async\" class=\"wpbaw-blog-img\" src=\"https:\/\/expertise-rh.ch\/blog\/wp-content\/uploads\/2023\/01\/workers-Photo-de-K.-Mitch-Hodge-sur-unplash-1024x576.jpg\" alt=\"Faut-il \u00eatre heureux au travail cette ann\u00e9e ?\"\/><\/a>\n\t\t\t\t\t\t<\/div>\n\t\t\t\t\t<\/div>\n\t\t\t\t\n\t\t\t\t<div class=\"blog-content\">\n\t\t\t\t\t\t\t\t\t\t\t\t<div class=\"blog-author\">\n\t\t\t\t\t\t\t\t\t\t\t\t\t\t\t\t\t<span>\n\t\t\t\t\t\t\t\t\t\tPar <a href=\"https:\/\/expertise-rh.ch\/blog\/?author=2\" target=\"_self\">Cathrine Mathey<\/a>\n\t\t\t\t\t\t\t\t\t<\/span>\n\t\t\t\t\t\t\t\t \/ 11 janvier 2023\t\t\t\t\t\t\t<\/div>\n\t\t\t\t\t\t\n\t\t\t\t\t<div class=\"post-content-text\">\n\t\t\t\t\t\t\t\t\t\t\t\t<h3 class=\"blog-title\"><a href=\"https:\/\/expertise-rh.ch\/blog\/?blog_post=faut-il-etre-heureux-au-travail-cette-annee\" rel=\"bookmark\">Faut-il \u00eatre heureux au travail cette ann\u00e9e ?<\/a><\/h3>\n\t\t\t\t\t\t\t\t\t\t\t\t<div class=\"blog-content-excerpt\">\n\t\t\t\t\t\t\t\t\t\t\t\t\t\t\t<p class=\"blog-short-content\">En cette p\u00e9riode de d\u00e9but d\u2019ann\u00e9e, les v\u0153ux pour la nouvelle ann\u00e9e se multiplient. Joie, sant\u00e9 et bonheur. Comme la...<\/p>\n\t\t\t\t\t\t\t\t<a href=\"https:\/\/expertise-rh.ch\/blog\/?blog_post=faut-il-etre-heureux-au-travail-cette-annee\" class=\"blog-more-link\"> En savoir plus<\/a>\n\t\t\t\t\t\t\t\t\t\t\t\t\t<\/div>\n\t\t\t\t\t\t\t\t\t\t\t<\/div>\n\t\t\t\t<\/div>\n\t\t\t<\/div>\n\t\t<\/div>\n\t\t\t\t<div id=\"post-1018\" class=\"blog type-blog blog-clearfix wpbaw-blog-class blog-col-0 has-date has-thumb\">\n\t\t\t<div class=\"blog-inner-wrap-view blog-clearfix\">\n\t\t\t\t\t\t\t\t\t<div class=\"blog-thumb\">\n\t\t\t\t\t\t<div class=\"grid-blog-thumb\">\n\t\t\t\t\t\t\t<a href=\"https:\/\/expertise-rh.ch\/blog\/?blog_post=trouver-du-sens-dans-son-travail\"><img decoding=\"async\" class=\"wpbaw-blog-img\" src=\"https:\/\/expertise-rh.ch\/blog\/wp-content\/uploads\/2021\/05\/nick-fewings-0y_DB18swVc-unsplash-663x1024.jpg\" alt=\"Trouver du sens dans son travail\"\/><\/a>\n\t\t\t\t\t\t<\/div>\n\t\t\t\t\t<\/div>\n\t\t\t\t\n\t\t\t\t<div class=\"blog-content\">\n\t\t\t\t\t\t\t\t\t\t\t\t<div class=\"blog-author\">\n\t\t\t\t\t\t\t\t\t\t\t\t\t\t\t\t\t<span>\n\t\t\t\t\t\t\t\t\t\tPar <a href=\"https:\/\/expertise-rh.ch\/blog\/?author=2\" target=\"_self\">Cathrine Mathey<\/a>\n\t\t\t\t\t\t\t\t\t<\/span>\n\t\t\t\t\t\t\t\t \/ 11 mai 2021\t\t\t\t\t\t\t<\/div>\n\t\t\t\t\t\t\n\t\t\t\t\t<div class=\"post-content-text\">\n\t\t\t\t\t\t\t\t\t\t\t\t<h3 class=\"blog-title\"><a href=\"https:\/\/expertise-rh.ch\/blog\/?blog_post=trouver-du-sens-dans-son-travail\" rel=\"bookmark\">Trouver du sens dans son travail<\/a><\/h3>\n\t\t\t\t\t\t\t\t\t\t\t\t<div class=\"blog-content-excerpt\">\n\t\t\t\t\t\t\t\t\t\t\t\t\t\t\t<p class=\"blog-short-content\">L\u2019autre jour, en faisant la queue, masqu\u00e9e, \u00e0 un guichet postal, j\u2019ai eu tout le loisir d\u2019observer ce qui se...<\/p>\n\t\t\t\t\t\t\t\t<a href=\"https:\/\/expertise-rh.ch\/blog\/?blog_post=trouver-du-sens-dans-son-travail\" class=\"blog-more-link\"> En savoir plus<\/a>\n\t\t\t\t\t\t\t\t\t\t\t\t\t<\/div>\n\t\t\t\t\t\t\t\t\t\t\t<\/div>\n\t\t\t\t<\/div>\n\t\t\t<\/div>\n\t\t<\/div>\n\t\t\t\t<div id=\"post-889\" class=\"blog type-blog blog-clearfix wpbaw-blog-class blog-col-0 has-date has-thumb\">\n\t\t\t<div class=\"blog-inner-wrap-view blog-clearfix\">\n\t\t\t\t\t\t\t\t\t<div class=\"blog-thumb\">\n\t\t\t\t\t\t<div class=\"grid-blog-thumb\">\n\t\t\t\t\t\t\t<a href=\"https:\/\/expertise-rh.ch\/blog\/?blog_post=le-climat-de-travail\"><img decoding=\"async\" class=\"wpbaw-blog-img\" src=\"https:\/\/expertise-rh.ch\/blog\/wp-content\/uploads\/2020\/06\/mark-adriane-muS2RraYRuQ-unsplash_longue-1024x748.jpg\" alt=\"Le climat de travail\"\/><\/a>\n\t\t\t\t\t\t<\/div>\n\t\t\t\t\t<\/div>\n\t\t\t\t\n\t\t\t\t<div class=\"blog-content\">\n\t\t\t\t\t\t\t\t\t\t\t\t<div class=\"blog-author\">\n\t\t\t\t\t\t\t\t\t\t\t\t\t\t\t\t\t<span>\n\t\t\t\t\t\t\t\t\t\tPar <a href=\"https:\/\/expertise-rh.ch\/blog\/?author=2\" target=\"_self\">Cathrine Mathey<\/a>\n\t\t\t\t\t\t\t\t\t<\/span>\n\t\t\t\t\t\t\t\t \/ 15 juin 2020\t\t\t\t\t\t\t<\/div>\n\t\t\t\t\t\t\n\t\t\t\t\t<div class=\"post-content-text\">\n\t\t\t\t\t\t\t\t\t\t\t\t<h3 class=\"blog-title\"><a href=\"https:\/\/expertise-rh.ch\/blog\/?blog_post=le-climat-de-travail\" rel=\"bookmark\">Le climat de travail<\/a><\/h3>\n\t\t\t\t\t\t\t\t\t\t\t\t<div class=\"blog-content-excerpt\">\n\t\t\t\t\t\t\t\t\t\t\t\t\t\t\t<p class=\"blog-short-content\">Il suffit de passer une journ\u00e9e dans une entreprise ou une \u00e9quipe pour sentir le climat de travail qui s\u2019en...<\/p>\n\t\t\t\t\t\t\t\t<a href=\"https:\/\/expertise-rh.ch\/blog\/?blog_post=le-climat-de-travail\" class=\"blog-more-link\"> En savoir plus<\/a>\n\t\t\t\t\t\t\t\t\t\t\t\t\t<\/div>\n\t\t\t\t\t\t\t\t\t\t\t<\/div>\n\t\t\t\t<\/div>\n\t\t\t<\/div>\n\t\t<\/div>\n\t\t\t\t<div id=\"post-887\" class=\"blog type-blog blog-clearfix wpbaw-blog-class blog-col-0 has-date has-thumb\">\n\t\t\t<div class=\"blog-inner-wrap-view blog-clearfix\">\n\t\t\t\t\t\t\t\t\t<div class=\"blog-thumb\">\n\t\t\t\t\t\t<div class=\"grid-blog-thumb\">\n\t\t\t\t\t\t\t<a href=\"https:\/\/expertise-rh.ch\/blog\/?blog_post=la-bonne-parole-en-matiere-de-sante-au-travail-2\"><img decoding=\"async\" class=\"wpbaw-blog-img\" src=\"https:\/\/expertise-rh.ch\/blog\/wp-content\/uploads\/2019\/12\/max-van-den-oetelaar-buymYm3RQ3U-unsplash-1024x683.jpg\" alt=\"La bonne parole en mati\u00e8re de sant\u00e9 au travail\"\/><\/a>\n\t\t\t\t\t\t<\/div>\n\t\t\t\t\t<\/div>\n\t\t\t\t\n\t\t\t\t<div class=\"blog-content\">\n\t\t\t\t\t\t\t\t\t\t\t\t<div class=\"blog-author\">\n\t\t\t\t\t\t\t\t\t\t\t\t\t\t\t\t\t<span>\n\t\t\t\t\t\t\t\t\t\tPar <a href=\"https:\/\/expertise-rh.ch\/blog\/?author=2\" target=\"_self\">Cathrine Mathey<\/a>\n\t\t\t\t\t\t\t\t\t<\/span>\n\t\t\t\t\t\t\t\t \/ 9 d\u00e9cembre 2019\t\t\t\t\t\t\t<\/div>\n\t\t\t\t\t\t\n\t\t\t\t\t<div class=\"post-content-text\">\n\t\t\t\t\t\t\t\t\t\t\t\t<h3 class=\"blog-title\"><a href=\"https:\/\/expertise-rh.ch\/blog\/?blog_post=la-bonne-parole-en-matiere-de-sante-au-travail-2\" rel=\"bookmark\">La bonne parole en mati\u00e8re de sant\u00e9 au travail<\/a><\/h3>\n\t\t\t\t\t\t\t\t\t\t\t\t<div class=\"blog-content-excerpt\">\n\t\t\t\t\t\t\t\t\t\t\t\t\t\t\t<p class=\"blog-short-content\">Quand on parle de sant\u00e9 au travail, tout le monde rel\u00e8ve son importance. Des formations de management pour d\u00e9velopper les...<\/p>\n\t\t\t\t\t\t\t\t<a href=\"https:\/\/expertise-rh.ch\/blog\/?blog_post=la-bonne-parole-en-matiere-de-sante-au-travail-2\" class=\"blog-more-link\"> En savoir plus<\/a>\n\t\t\t\t\t\t\t\t\t\t\t\t\t<\/div>\n\t\t\t\t\t\t\t\t\t\t\t<\/div>\n\t\t\t\t<\/div>\n\t\t\t<\/div>\n\t\t<\/div>\n\t\t\t\t<div id=\"post-846\" class=\"blog type-blog blog-clearfix wpbaw-blog-class blog-col-0 has-date has-thumb\">\n\t\t\t<div class=\"blog-inner-wrap-view blog-clearfix\">\n\t\t\t\t\t\t\t\t\t<div class=\"blog-thumb\">\n\t\t\t\t\t\t<div class=\"grid-blog-thumb\">\n\t\t\t\t\t\t\t<a href=\"https:\/\/expertise-rh.ch\/blog\/?blog_post=le-stress-une-affaire-qui-concerne-les-entreprises\"><img decoding=\"async\" class=\"wpbaw-blog-img\" src=\"https:\/\/expertise-rh.ch\/blog\/wp-content\/uploads\/2018\/12\/tim-gouw-68319-unsplash-1024x685.jpg\" alt=\"Le stress : une affaire qui concerne les entreprises\"\/><\/a>\n\t\t\t\t\t\t<\/div>\n\t\t\t\t\t<\/div>\n\t\t\t\t\n\t\t\t\t<div class=\"blog-content\">\n\t\t\t\t\t\t\t\t\t\t\t\t<div class=\"blog-author\">\n\t\t\t\t\t\t\t\t\t\t\t\t\t\t\t\t\t<span>\n\t\t\t\t\t\t\t\t\t\tPar <a href=\"https:\/\/expertise-rh.ch\/blog\/?author=2\" target=\"_self\">Cathrine Mathey<\/a>\n\t\t\t\t\t\t\t\t\t<\/span>\n\t\t\t\t\t\t\t\t \/ 10 d\u00e9cembre 2018\t\t\t\t\t\t\t<\/div>\n\t\t\t\t\t\t\n\t\t\t\t\t<div class=\"post-content-text\">\n\t\t\t\t\t\t\t\t\t\t\t\t<h3 class=\"blog-title\"><a href=\"https:\/\/expertise-rh.ch\/blog\/?blog_post=le-stress-une-affaire-qui-concerne-les-entreprises\" rel=\"bookmark\">Le stress : une affaire qui concerne les entreprises<\/a><\/h3>\n\t\t\t\t\t\t\t\t\t\t\t\t<div class=\"blog-content-excerpt\">\n\t\t\t\t\t\t\t\t\t\t\t\t\t\t\t<p class=\"blog-short-content\">La gestion du stress n\u2019est pas qu\u2019une affaire personnelle mais concerne \u00e9galement la soci\u00e9t\u00e9 et les entreprises plus particuli\u00e8rement. En...<\/p>\n\t\t\t\t\t\t\t\t<a href=\"https:\/\/expertise-rh.ch\/blog\/?blog_post=le-stress-une-affaire-qui-concerne-les-entreprises\" class=\"blog-more-link\"> En savoir plus<\/a>\n\t\t\t\t\t\t\t\t\t\t\t\t\t<\/div>\n\t\t\t\t\t\t\t\t\t\t\t<\/div>\n\t\t\t\t<\/div>\n\t\t\t<\/div>\n\t\t<\/div>\n\t\t\t\t<div id=\"post-823\" class=\"blog type-blog blog-clearfix wpbaw-blog-class blog-col-0 has-date has-thumb\">\n\t\t\t<div class=\"blog-inner-wrap-view blog-clearfix\">\n\t\t\t\t\t\t\t\t\t<div class=\"blog-thumb\">\n\t\t\t\t\t\t<div class=\"grid-blog-thumb\">\n\t\t\t\t\t\t\t<a href=\"https:\/\/expertise-rh.ch\/blog\/?blog_post=la-personne-de-confiance-ou-le-symbole-dune-soupape-de-securite-dans-lentreprise\"><img decoding=\"async\" class=\"wpbaw-blog-img\" src=\"https:\/\/expertise-rh.ch\/blog\/wp-content\/uploads\/2018\/05\/kyle-smith-528220-unsplash-1024x683.jpg\" alt=\"La personne de confiance ou le symbole d\u2019une soupape de s\u00e9curit\u00e9\"\/><\/a>\n\t\t\t\t\t\t<\/div>\n\t\t\t\t\t<\/div>\n\t\t\t\t\n\t\t\t\t<div class=\"blog-content\">\n\t\t\t\t\t\t\t\t\t\t\t\t<div class=\"blog-author\">\n\t\t\t\t\t\t\t\t\t\t\t\t\t\t\t\t\t<span>\n\t\t\t\t\t\t\t\t\t\tPar <a href=\"https:\/\/expertise-rh.ch\/blog\/?author=2\" target=\"_self\">Cathrine Mathey<\/a>\n\t\t\t\t\t\t\t\t\t<\/span>\n\t\t\t\t\t\t\t\t \/ 4 mai 2018\t\t\t\t\t\t\t<\/div>\n\t\t\t\t\t\t\n\t\t\t\t\t<div class=\"post-content-text\">\n\t\t\t\t\t\t\t\t\t\t\t\t<h3 class=\"blog-title\"><a href=\"https:\/\/expertise-rh.ch\/blog\/?blog_post=la-personne-de-confiance-ou-le-symbole-dune-soupape-de-securite-dans-lentreprise\" rel=\"bookmark\">La personne de confiance ou le symbole d\u2019une soupape de s\u00e9curit\u00e9<\/a><\/h3>\n\t\t\t\t\t\t\t\t\t\t\t\t<div class=\"blog-content-excerpt\">\n\t\t\t\t\t\t\t\t\t\t\t\t\t\t\t<p class=\"blog-short-content\">Les tensions interpersonnelles sur le lieu de travail sont une source importante de stress. Violences verbales, menaces, mobbing ou encore...<\/p>\n\t\t\t\t\t\t\t\t<a href=\"https:\/\/expertise-rh.ch\/blog\/?blog_post=la-personne-de-confiance-ou-le-symbole-dune-soupape-de-securite-dans-lentreprise\" class=\"blog-more-link\"> En savoir plus<\/a>\n\t\t\t\t\t\t\t\t\t\t\t\t\t<\/div>\n\t\t\t\t\t\t\t\t\t\t\t<\/div>\n\t\t\t\t<\/div>\n\t\t\t<\/div>\n\t\t<\/div>\n\t\t\t\t<div id=\"post-796\" class=\"blog type-blog blog-clearfix wpbaw-blog-class blog-col-0 has-date has-thumb\">\n\t\t\t<div class=\"blog-inner-wrap-view blog-clearfix\">\n\t\t\t\t\t\t\t\t\t<div class=\"blog-thumb\">\n\t\t\t\t\t\t<div class=\"grid-blog-thumb\">\n\t\t\t\t\t\t\t<a href=\"https:\/\/expertise-rh.ch\/blog\/?blog_post=management-transversal\"><img decoding=\"async\" class=\"wpbaw-blog-img\" src=\"https:\/\/expertise-rh.ch\/blog\/wp-content\/uploads\/2017\/08\/helloquence-61189-unsplash-1024x683.jpg\" alt=\"Le management transversal : la conduite sans le statut\"\/><\/a>\n\t\t\t\t\t\t<\/div>\n\t\t\t\t\t<\/div>\n\t\t\t\t\n\t\t\t\t<div class=\"blog-content\">\n\t\t\t\t\t\t\t\t\t\t\t\t<div class=\"blog-author\">\n\t\t\t\t\t\t\t\t\t\t\t\t\t\t\t\t\t<span>\n\t\t\t\t\t\t\t\t\t\tPar <a href=\"https:\/\/expertise-rh.ch\/blog\/?author=2\" target=\"_self\">Cathrine Mathey<\/a>\n\t\t\t\t\t\t\t\t\t<\/span>\n\t\t\t\t\t\t\t\t \/ 18 ao\u00fbt 2017\t\t\t\t\t\t\t<\/div>\n\t\t\t\t\t\t\n\t\t\t\t\t<div class=\"post-content-text\">\n\t\t\t\t\t\t\t\t\t\t\t\t<h3 class=\"blog-title\"><a href=\"https:\/\/expertise-rh.ch\/blog\/?blog_post=management-transversal\" rel=\"bookmark\">Le management transversal : la conduite sans le statut<\/a><\/h3>\n\t\t\t\t\t\t\t\t\t\t\t\t<div class=\"blog-content-excerpt\">\n\t\t\t\t\t\t\t\t\t\t\t\t\t\t\t<p class=\"blog-short-content\">La soci\u00e9t\u00e9 a tendance \u00e0 valoriser les postes de manager ; on leur conf\u00e8re un salaire plus \u00e9lev\u00e9, une consid\u00e9ration...<\/p>\n\t\t\t\t\t\t\t\t<a href=\"https:\/\/expertise-rh.ch\/blog\/?blog_post=management-transversal\" class=\"blog-more-link\"> En savoir plus<\/a>\n\t\t\t\t\t\t\t\t\t\t\t\t\t<\/div>\n\t\t\t\t\t\t\t\t\t\t\t<\/div>\n\t\t\t\t<\/div>\n\t\t\t<\/div>\n\t\t<\/div>\n\t\t\t\t<div id=\"post-802\" class=\"blog type-blog blog-clearfix wpbaw-blog-class blog-col-0 has-date has-thumb\">\n\t\t\t<div class=\"blog-inner-wrap-view blog-clearfix\">\n\t\t\t\t\t\t\t\t\t<div class=\"blog-thumb\">\n\t\t\t\t\t\t<div class=\"grid-blog-thumb\">\n\t\t\t\t\t\t\t<a href=\"https:\/\/expertise-rh.ch\/blog\/?blog_post=reussir-a-dormir\"><img decoding=\"async\" class=\"wpbaw-blog-img\" src=\"https:\/\/expertise-rh.ch\/blog\/wp-content\/uploads\/2017\/05\/vladislav-muslakov-261627-unsplash-1024x777.jpg\" alt=\"R\u00e9ussir \u00e0 dormir\"\/><\/a>\n\t\t\t\t\t\t<\/div>\n\t\t\t\t\t<\/div>\n\t\t\t\t\n\t\t\t\t<div class=\"blog-content\">\n\t\t\t\t\t\t\t\t\t\t\t\t<div class=\"blog-author\">\n\t\t\t\t\t\t\t\t\t\t\t\t\t\t\t\t\t<span>\n\t\t\t\t\t\t\t\t\t\tPar <a href=\"https:\/\/expertise-rh.ch\/blog\/?author=2\" target=\"_self\">Cathrine Mathey<\/a>\n\t\t\t\t\t\t\t\t\t<\/span>\n\t\t\t\t\t\t\t\t \/ 4 mai 2017\t\t\t\t\t\t\t<\/div>\n\t\t\t\t\t\t\n\t\t\t\t\t<div class=\"post-content-text\">\n\t\t\t\t\t\t\t\t\t\t\t\t<h3 class=\"blog-title\"><a href=\"https:\/\/expertise-rh.ch\/blog\/?blog_post=reussir-a-dormir\" rel=\"bookmark\">R\u00e9ussir \u00e0 dormir<\/a><\/h3>\n\t\t\t\t\t\t\t\t\t\t\t\t<div class=\"blog-content-excerpt\">\n\t\t\t\t\t\t\t\t\t\t\t\t\t\t\t<p class=\"blog-short-content\">Le sommeil est devenu un th\u00e8me \u00e0 la mode. Doit-on regretter que le sommeil, dernier bastion de libert\u00e9 en dehors...<\/p>\n\t\t\t\t\t\t\t\t<a href=\"https:\/\/expertise-rh.ch\/blog\/?blog_post=reussir-a-dormir\" class=\"blog-more-link\"> En savoir plus<\/a>\n\t\t\t\t\t\t\t\t\t\t\t\t\t<\/div>\n\t\t\t\t\t\t\t\t\t\t\t<\/div>\n\t\t\t\t<\/div>\n\t\t\t<\/div>\n\t\t<\/div>\n\t\t\t<\/div>\n\t\n\t<\/p>\n","protected":false},"excerpt":{"rendered":"","protected":false},"author":2,"featured_media":0,"parent":0,"menu_order":0,"comment_status":"closed","ping_status":"open","template":"","meta":{"_mi_skip_tracking":false,"footnotes":""},"class_list":["post-787","page","type-page","status-publish","hentry"],"aioseo_notices":[],"_links":{"self":[{"href":"https:\/\/expertise-rh.ch\/blog\/index.php?rest_route=\/wp\/v2\/pages\/787","targetHints":{"allow":["GET"]}}],"collection":[{"href":"https:\/\/expertise-rh.ch\/blog\/index.php?rest_route=\/wp\/v2\/pages"}],"about":[{"href":"https:\/\/expertise-rh.ch\/blog\/index.php?rest_route=\/wp\/v2\/types\/page"}],"author":[{"embeddable":true,"href":"https:\/\/expertise-rh.ch\/blog\/index.php?rest_route=\/wp\/v2\/users\/2"}],"replies":[{"embeddable":true,"href":"https:\/\/expertise-rh.ch\/blog\/index.php?rest_route=%2Fwp%2Fv2%2Fcomments&post=787"}],"version-history":[{"count":9,"href":"https:\/\/expertise-rh.ch\/blog\/index.php?rest_route=\/wp\/v2\/pages\/787\/revisions"}],"predecessor-version":[{"id":1187,"href":"https:\/\/expertise-rh.ch\/blog\/index.php?rest_route=\/wp\/v2\/pages\/787\/revisions\/1187"}],"wp:attachment":[{"href":"https:\/\/expertise-rh.ch\/blog\/index.php?rest_route=%2Fwp%2Fv2%2Fmedia&parent=787"}],"curies":[{"name":"wp","href":"https:\/\/api.w.org\/{rel}","templated":true}]}}