{"id":813,"date":"2018-04-25T21:30:01","date_gmt":"2018-04-25T19:30:01","guid":{"rendered":"http:\/\/expertise-rh.ch\/blog\/?page_id=813"},"modified":"2026-05-22T16:34:54","modified_gmt":"2026-05-22T14:34:54","slug":"presse","status":"publish","type":"page","link":"https:\/\/expertise-rh.ch\/blog\/?page_id=813","title":{"rendered":"Presse"},"content":{"rendered":"\n<p>Vid\u00e9o (https:\/\/www.tipee.ch\/coin-rh\/podcast\/la-sante-psychique-des-jeunes-dans-le-monde-du-travail\/) sur la sant\u00e9 psychique des jeunes dans le monde du travail, tipee podcast, mars 2026. <\/p>\n\n\n\n<p>Article sur les conflits au travail interg\u00e9n\u00e9rationnels paru dans le magazine Plan\u00e8te Sant\u00e9 le 5 f\u00e9vrier 2026 : \u00ab\u00a0<a href=\"https:\/\/www.planetesante.ch\/Magazine\/Psycho-et-cerveau\/Burnout\/S-entendre-au-travail-malgre-les-differences-d-age\">S&rsquo;entendre au travail malgr\u00e9 les diff\u00e9rences d&rsquo;\u00e2ge.<\/a>\u00ab\u00a0<\/p>\n\n\n\n<p>Emission Vacarme de la RTS du 16 mars 2025 : \u00ab\u00a0<a href=\"https:\/\/www.rts.ch\/audio-podcast\/2025\/audio\/stress-3-5-carburer-a-l-adrenaline-28822439.html\">Stress, carburer \u00e0 l&rsquo;adr\u00e9naline<\/a>\u00ab\u00a0<\/p>\n\n\n\n<p>Article sur la planification des vacances paru dans Le Temps du 22 mars 2024 : \u00ab\u00a0<a href=\"http:\/\/expertise-rh.ch\/blog\/wp-content\/uploads\/2024\/04\/Article-LeTemps_planifier-les-vacances_20240322.png\">Planifier les vacances, un casse-t\u00eate<\/a>\u00ab\u00a0<\/p>\n\n\n\n<p>Article sur la s\u00e9curit\u00e9 psychologique paru dans Le Temps du 13 octobre 2023 : \u00ab\u00a0<a href=\"http:\/\/expertise-rh.ch\/blog\/wp-content\/uploads\/2023\/10\/Securite_psychologique_20231013.jpg\">L&rsquo;indispensable s\u00e9curit\u00e9 psychologique<\/a>\u00ab\u00a0.<\/p>\n\n\n\n<p>Article sur la <a href=\"http:\/\/expertise-rh.ch\/blog\/wp-content\/uploads\/2023\/09\/La-gestion-du-stress-est-la-priorite-1.pdf\">gestion du stress<\/a> paru dans le<a href=\"https:\/\/www.groupemutuel.ch\/fr\/groupe-mutuel\/publications\/gmpro.html\"> magazine du Groupe Mutuel<\/a> pour sa client\u00e8le entreprise du 23 ao\u00fbt 2023. <\/p>\n\n\n\n<p>Article paru dans le Handelszeitung du 27 mai 2022 : \u00ab\u00a0<a data-type=\"URL\" data-id=\"https:\/\/www.handelszeitung.ch\/specials\/corporate-health\/stress-ist-teil-des-lebens\" href=\"https:\/\/www.handelszeitung.ch\/specials\/corporate-health\/stress-ist-teil-des-lebens\">Stress ist Teil des Lebens<\/a>.\u00a0\u00bb<\/p>\n\n\n\n<div class=\"wp-block-group\"><div class=\"wp-block-group__inner-container is-layout-flow wp-block-group-is-layout-flow\">\n<p>Article paru dans Le Temps du 8 avril 2022 : \u00ab\u00a0<a href=\"http:\/\/expertise-rh.ch\/blog\/wp-content\/uploads\/2023\/09\/Frontiere_brouillee_travail_maladie_20220408_2-2.pdf\">La fronti\u00e8re brouill\u00e9e entre travail et maladie<\/a>.\u00a0\u00bb<\/p>\n<\/div><\/div>\n\n\n\n<div class=\"wp-block-group\"><div class=\"wp-block-group__inner-container is-layout-flow wp-block-group-is-layout-flow\">\n<p>Article paru dans Le Temps du 18 f\u00e9vrier 2022 :\u00a0\u00bb<a href=\"http:\/\/expertise-rh.ch\/blog\/wp-content\/uploads\/2023\/09\/Renouer_vacances_etudiant_20220218.pdf\">Renouer avec des vacances d&rsquo;\u00e9tudiant<\/a>.\u00a0\u00bb<\/p>\n<\/div><\/div>\n\n\n\n<p>Article paru dans le 24 Heures du 15 f\u00e9vrier 2022 :\u00a0\u00bb<a href=\"http:\/\/expertise-rh.ch\/blog\/wp-content\/uploads\/2023\/09\/article-24heures_droit_deconnexion_20220215_pdf.pdf\">Avec le retour au bureau, le droit \u00e0 la d\u00e9connexion revient sur la table<\/a>.\u00a0\u00bb<\/p>\n\n\n\n<p>Article paru dans le Nouvelliste le 12 juin 2021 :\u00a0\u00bb<a href=\"http:\/\/expertise-rh.ch\/blog\/wp-content\/uploads\/2023\/09\/NF_fin_teletravail_20210612_hifi.pdf\">Retrouver ses rep\u00e8res peut prendre un certain temps<\/a>.\u00a0\u00bb<\/p>\n\n\n\n<p>Article paru dans Le Temps du 12 f\u00e9vrier 2021 : \u00ab\u00a0<a href=\"http:\/\/expertise-rh.ch\/blog\/wp-content\/uploads\/2023\/09\/Etapes_qui_nous_manquent_a_distance_20200212.jpg\">Ces \u00e9tapes qui nous manquent \u00e0 distance<\/a>\u00ab\u00a0.<\/p>\n\n\n\n<p>Article paru dans Le Temps du 15 janvier 2021 : \u00ab\u00a0<a href=\"http:\/\/expertise-rh.ch\/blog\/wp-content\/uploads\/2023\/09\/Question_vaccin_entreprise_20210115.pdf\">La d\u00e9licate question du vaccin en entreprise<\/a>\u00ab\u00a0.<\/p>\n\n\n\n<p>Article paru dans le Nouvelliste du 1er d\u00e9cembre 2020 : \u00ab\u00a0<a href=\"http:\/\/expertise-rh.ch\/blog\/wp-content\/uploads\/2023\/09\/NF_santementale_20201201_bis.pdf\">Comment pr\u00e9server sa sant\u00e9 mentale<\/a>?\u00a0\u00bb.<\/p>\n\n\n\n<p>Article paru dans le Nouvelliste du 14 mai 2020 : \u00ab\u00a0<a href=\"http:\/\/expertise-rh.ch\/blog\/wp-content\/uploads\/2023\/09\/NF_sante_psychique_travail_20200514.pdf\">D\u00e9confinement progressif : une reprise \u00ab\u00a0m\u00e9tro, boulot, mollo<\/a>\u00ab\u00a0.<\/p>\n\n\n\n<p>Article paru dans le Journal des Arts et M\u00e9tiers, en collaboration avec le Groupe Mutuel, juin 2020 : \u00ab\u00a0<a href=\"http:\/\/expertise-rh.ch\/blog\/wp-content\/uploads\/2023\/09\/journal_arts_metiers_risquespsychosociaux_2020.pdf\">Faire face aux risques psycho-sociaux<\/a>\u00ab\u00a0.<\/p>\n\n\n\n<p>Article paru dans le Journal d&rsquo;infos de la F\u00e9d\u00e9ration Vaudoise des Entrepreneurs, mai 2020 : \u00ab\u00a0<a href=\"http:\/\/expertise-rh.ch\/blog\/wp-content\/uploads\/2023\/09\/FVE_info_2020.pdf\">Chantiers et sant\u00e9 psychique<\/a>\u00ab\u00a0.<\/p>\n","protected":false},"excerpt":{"rendered":"<p>Vid\u00e9o (https:\/\/www.tipee.ch\/coin-rh\/podcast\/la-sante-psychique-des-jeunes-dans-le-monde-du-travail\/) sur la sant\u00e9 psychique des jeunes dans le monde du travail, tipee podcast, mars 2026. Article sur les conflits au travail interg\u00e9n\u00e9rationnels paru dans le magazine Plan\u00e8te Sant\u00e9 le 5 f\u00e9vrier 2026 : \u00ab\u00a0S&rsquo;entendre au travail malgr\u00e9 les diff\u00e9rences d&rsquo;\u00e2ge.\u00ab\u00a0 Emission Vacarme de la RTS du 16 mars [&hellip;]<\/p>\n","protected":false},"author":2,"featured_media":902,"parent":0,"menu_order":0,"comment_status":"closed","ping_status":"open","template":"","meta":{"_mi_skip_tracking":false,"footnotes":""},"class_list":["post-813","page","type-page","status-publish","has-post-thumbnail","hentry"],"aioseo_notices":[],"_links":{"self":[{"href":"https:\/\/expertise-rh.ch\/blog\/index.php?rest_route=\/wp\/v2\/pages\/813","targetHints":{"allow":["GET"]}}],"collection":[{"href":"https:\/\/expertise-rh.ch\/blog\/index.php?rest_route=\/wp\/v2\/pages"}],"about":[{"href":"https:\/\/expertise-rh.ch\/blog\/index.php?rest_route=\/wp\/v2\/types\/page"}],"author":[{"embeddable":true,"href":"https:\/\/expertise-rh.ch\/blog\/index.php?rest_route=\/wp\/v2\/users\/2"}],"replies":[{"embeddable":true,"href":"https:\/\/expertise-rh.ch\/blog\/index.php?rest_route=%2Fwp%2Fv2%2Fcomments&post=813"}],"version-history":[{"count":51,"href":"https:\/\/expertise-rh.ch\/blog\/index.php?rest_route=\/wp\/v2\/pages\/813\/revisions"}],"predecessor-version":[{"id":1510,"href":"https:\/\/expertise-rh.ch\/blog\/index.php?rest_route=\/wp\/v2\/pages\/813\/revisions\/1510"}],"wp:featuredmedia":[{"embeddable":true,"href":"https:\/\/expertise-rh.ch\/blog\/index.php?rest_route=\/wp\/v2\/media\/902"}],"wp:attachment":[{"href":"https:\/\/expertise-rh.ch\/blog\/index.php?rest_route=%2Fwp%2Fv2%2Fmedia&parent=813"}],"curies":[{"name":"wp","href":"https:\/\/api.w.org\/{rel}","templated":true}]}}